{"id":154,"date":"2026-02-24T11:15:18","date_gmt":"2026-02-24T11:15:18","guid":{"rendered":"https:\/\/easyfind.it\/politique-de-confidentialite\/"},"modified":"2026-03-30T10:10:11","modified_gmt":"2026-03-30T10:10:11","slug":"politique-de-confidentialite","status":"publish","type":"page","link":"https:\/\/easyfind.it\/fr\/politique-de-confidentialite\/","title":{"rendered":"Politique de confidentialit\u00e9"},"content":{"rendered":"\n<p class=\"wp-block-paragraph\">La protection de votre vie priv\u00e9e et de vos donn\u00e9es personnelles est pour nous une priorit\u00e9 absolue. Dans les paragraphes suivants, nous vous informons sur toutes les op\u00e9rations de traitement des donn\u00e9es qui ont lieu sur notre site web. <\/p>\n\n<h2 class=\"wp-block-heading\"><strong>Qui est responsable du traitement de vos donn\u00e9es ?<\/strong><\/h2>\n\n<p class=\"wp-block-paragraph\">RUBICON IT GmbH est responsable de toutes les donn\u00e9es trait\u00e9es au cours de votre visite sur notre site web :<\/p>\n\n<p class=\"wp-block-paragraph\"><strong>RUBICON IT GmbH<\/strong><br\/>Gonzagagasse 16<br\/>1010 Vienne<br\/>Autriche<\/p>\n\n<p class=\"wp-block-paragraph\">E-mail : <a href=\"mailto:datenschutz@rubicon.eu\">datenschutz@rubicon.eu<\/a><\/p>\n\n<p class=\"wp-block-paragraph\">Num\u00e9ro d\u2019enregistrement : 615231b<br\/>Tribunal d\u2019enregistrement : Tribunal de commerce de Vienne<br\/>Num\u00e9ro de TVA : ATU80745589<\/p>\n\n<h2 class=\"wp-block-heading\">Quelles donn\u00e9es sont trait\u00e9es ?<\/h2>\n\n<p class=\"wp-block-paragraph\">Dans les paragraphes suivants, vous trouverez un aper\u00e7u des donn\u00e9es personnelles que nous traitons sur notre site web ainsi que les bases juridiques sur lesquelles repose ce traitement.<\/p>\n\n<h3 class=\"wp-block-heading\">D\u00e9clarations de perte<\/h3>\n\n<p class=\"wp-block-paragraph\">En remplissant une d\u00e9claration de perte, vous nous fournissez des donn\u00e9es personnelles que nous traitons exclusivement aux fins de l\u2019ex\u00e9cution du service :<\/p>\n\n<ul class=\"wp-block-list\">\n<li>Nom et pr\u00e9nom<\/li>\n\n\n\n<li>Adresse<\/li>\n\n\n\n<li>Adresse e-mail<\/li>\n\n\n\n<li>Langue pr\u00e9f\u00e9r\u00e9e<\/li>\n\n\n\n<li>Num\u00e9ro de t\u00e9l\u00e9phone (facultatif)<\/li>\n\n\n\n<li>D\u00e9tails sur l\u2019objet perdu, incluant des donn\u00e9es personnelles (par ex. date\/ann\u00e9e de naissance, num\u00e9ro de document d\u2019identit\u00e9, num\u00e9ro de carte bancaire, num\u00e9ro de s\u00e9curit\u00e9 sociale, \u2026)<\/li>\n<\/ul>\n\n<p class=\"wp-block-paragraph\">La transmission de vos donn\u00e9es aux bureaux des objets trouv\u00e9s publics en Suisse (communes, villes) fait partie int\u00e9grante du service. Ces derniers ne peuvent utiliser les donn\u00e9es que pour accomplir les t\u00e2ches l\u00e9gales d\u2019un bureau des objets trouv\u00e9s, afin de vous informer de la d\u00e9couverte et de vous remettre l\u2019objet. <\/p>\n\n<p class=\"wp-block-paragraph\">Si vous avez \u00e9galement consenti \u00e0 un tel traitement, vos donn\u00e9es seront aussi transmises \u00e0 des organisations priv\u00e9es de gestion des objets trouv\u00e9s (par ex. entreprises de transports publics et a\u00e9roports) et aux autorit\u00e9s comp\u00e9tentes en mati\u00e8re d\u2019objets trouv\u00e9s d\u2019autres pays europ\u00e9ens. Ces organisations ou autorit\u00e9s ne peuvent \u00e9galement utiliser les donn\u00e9es qu\u2019exclusivement pour vous informer de la d\u00e9couverte et pour vous remettre l\u2019objet. <\/p>\n\n<p class=\"wp-block-paragraph\">Les donn\u00e9es seront conserv\u00e9es pendant 12 mois \u00e0 ces fins, conform\u00e9ment \u00e0 l\u2019article 6, paragraphe 1, points a) et b) du RGPD.  <\/p>\n\n<h3 class=\"wp-block-heading\">Fichiers journaux du serveur<\/h3>\n\n<p class=\"wp-block-paragraph\">Afin de garantir la s\u00e9curit\u00e9 et le bon fonctionnement de nos sites web, nous sommes tenus de collecter et d\u2019analyser les donn\u00e9es d\u2019acc\u00e8s (page web visit\u00e9e, heure de l\u2019acc\u00e8s, navigateur, syst\u00e8me d\u2019exploitation, adresse IP). En cas d\u2019incident de s\u00e9curit\u00e9, ces donn\u00e9es servent \u00e0 identifier et \u00e0 r\u00e9soudre la cause. Conform\u00e9ment \u00e0 l\u2019article 6, paragraphe 1, point f) du RGPD, les donn\u00e9es sont conserv\u00e9es \u00e0 cette fin pendant 12 mois.  <\/p>\n\n<h3 class=\"wp-block-heading\">Formulaires de contact<\/h3>\n\n<p class=\"wp-block-paragraph\">Dans le cadre du traitement de votre demande relative \u00e0 nos produits, nous traitons les donn\u00e9es que vous nous transmettez via le formulaire de contact. Si votre demande concerne \u00e9galement les produits de nos partenaires, vos donn\u00e9es pourront \u00eatre transmises \u00e0 ces partenaires afin de r\u00e9pondre \u00e0 votre demande. Dans ce cas, le traitement se base sur l\u2019article 6, paragraphe 1, points b) et f) du RGPD, car il sert \u00e0 l\u2019initiation d\u2019une relation contractuelle avec nous et rel\u00e8ve de notre int\u00e9r\u00eat l\u00e9gitime. Vos donn\u00e9es seront conserv\u00e9es pendant le temps n\u00e9cessaire au traitement de votre demande.   <\/p>\n\n<h2 class=\"wp-block-heading\">Cookies<\/h2>\n\n<p class=\"wp-block-paragraph\">Notre site web utilise des cookies. Il s\u2019agit de petits fichiers texte qui sont stock\u00e9s sur votre appareil via le navigateur. Il existe deux types principaux de cookies : les cookies techniquement n\u00e9cessaires, indispensables au fonctionnement d\u2019un site web, et les cookies techniquement non n\u00e9cessaires, qui collectent par exemple des statistiques d\u2019utilisation. Alors que les cookies techniquement n\u00e9cessaires sont stock\u00e9s automatiquement sur votre ordinateur ou appareil sur la base de notre int\u00e9r\u00eat l\u00e9gitime, les cookies techniquement non n\u00e9cessaires requi\u00e8rent votre consentement.   <\/p>\n\n<p class=\"wp-block-paragraph\">Les cookies techniquement n\u00e9cessaires suivants sont utilis\u00e9s sur notre site :<\/p>\n\n<p class=\"wp-block-paragraph\">NomFinalit\u00e9Dur\u00e9eCookie_notice_acceptedCe cookie m\u00e9morise si vous avez consenti ou non aux cookies techniquement non n\u00e9cessaires via la banni\u00e8re de cookies1 anpll_languageCe cookie m\u00e9morise les param\u00e8tres de langue que vous avez s\u00e9lectionn\u00e9s1 an<\/p>\n\n<p class=\"wp-block-paragraph\">Certains des cookies utilis\u00e9s sur notre site web proviennent de prestataires de services bas\u00e9s dans des pays tiers (notamment aux \u00c9tats-Unis). Il est donc possible qu\u2019une partie de vos donn\u00e9es (par ex. adresse IP, comportement de navigation, donn\u00e9es techniques) soit transf\u00e9r\u00e9e aux \u00c9tats-Unis. Selon la Cour de justice de l\u2019Union europ\u00e9enne, il n\u2019existe actuellement pas de niveau ad\u00e9quat de protection des donn\u00e9es aux \u00c9tats-Unis. Par cons\u00e9quent, lorsque nous utilisons des cookies de prestataires de services de pays tiers, nous demandons votre consentement explicite via la banni\u00e8re de cookies.   <\/p>\n\n<p class=\"wp-block-paragraph\">Vous pouvez r\u00e9voquer \u00e0 tout moment le consentement donn\u00e9 pour l\u2019utilisation de cookies non techniquement n\u00e9cessaires et de cookies provenant de pays tiers.<\/p>\n\n<h2 class=\"wp-block-heading\">Vos droits<\/h2>\n\n<p class=\"wp-block-paragraph\">Si nous traitons vos donn\u00e9es personnelles, conform\u00e9ment aux r\u00e9glementations europ\u00e9ennes et autrichiennes en vigueur en mati\u00e8re de protection des donn\u00e9es, vous disposez des droits suivants :<\/p>\n\n<ul class=\"wp-block-list\">\n<li>Droit d\u2019acc\u00e8s<\/li>\n\n\n\n<li>Droit de rectification<\/li>\n\n\n\n<li>Droit \u00e0 l\u2019effacement<\/li>\n\n\n\n<li>Droit \u00e0 la limitation du traitement<\/li>\n\n\n\n<li>Droit \u00e0 la portabilit\u00e9 des donn\u00e9es<\/li>\n\n\n\n<li>Droit d\u2019opposition<\/li>\n<\/ul>\n\n<p class=\"wp-block-paragraph\">Si vous estimez que le traitement de vos donn\u00e9es viole la r\u00e9glementation sur la protection des donn\u00e9es, vous \u00eates libre de pr\u00e9senter une r\u00e9clamation aupr\u00e8s de l\u2019Autorit\u00e9 autrichienne de protection des donn\u00e9es (Barichgasse 40-42, 1030 Vienne, t\u00e9l\u00e9phone : +43 1 52 152-0, e-mail : <a href=\"mailto:dsb@dsb.gv.at\">dsb@dsb.gv.at<\/a>).<\/p>\n\n<p class=\"wp-block-paragraph\"><\/p>\n","protected":false},"excerpt":{"rendered":"<p>La protection de votre vie priv\u00e9e et de vos donn\u00e9es personnelles est pour nous une priorit\u00e9 absolue. Dans les paragraphes suivants, nous vous informons sur toutes les op\u00e9rations de traitement des donn\u00e9es qui ont lieu sur notre site web. Qui est responsable du traitement de vos donn\u00e9es ? RUBICON IT GmbH est responsable de toutes [&hellip;]<\/p>\n","protected":false},"author":3,"featured_media":0,"parent":0,"menu_order":0,"comment_status":"closed","ping_status":"closed","template":"","meta":{"footnotes":""},"class_list":["post-154","page","type-page","status-publish","hentry"],"_links":{"self":[{"href":"https:\/\/easyfind.it\/fr\/wp-json\/wp\/v2\/pages\/154","targetHints":{"allow":["GET"]}}],"collection":[{"href":"https:\/\/easyfind.it\/fr\/wp-json\/wp\/v2\/pages"}],"about":[{"href":"https:\/\/easyfind.it\/fr\/wp-json\/wp\/v2\/types\/page"}],"author":[{"embeddable":true,"href":"https:\/\/easyfind.it\/fr\/wp-json\/wp\/v2\/users\/3"}],"replies":[{"embeddable":true,"href":"https:\/\/easyfind.it\/fr\/wp-json\/wp\/v2\/comments?post=154"}],"version-history":[{"count":0,"href":"https:\/\/easyfind.it\/fr\/wp-json\/wp\/v2\/pages\/154\/revisions"}],"wp:attachment":[{"href":"https:\/\/easyfind.it\/fr\/wp-json\/wp\/v2\/media?parent=154"}],"curies":[{"name":"wp","href":"https:\/\/api.w.org\/{rel}","templated":true}]}}